{"id":428,"date":"2023-09-03T11:31:17","date_gmt":"2023-09-03T09:31:17","guid":{"rendered":"https:\/\/delorean360.com\/dentalsonsardina\/?page_id=428"},"modified":"2024-03-26T20:00:32","modified_gmt":"2024-03-26T19:00:32","slug":"protesis-dentales","status":"publish","type":"page","link":"https:\/\/dentalsonsardina.com\/en\/tratamientos\/protesis-dentales\/","title":{"rendered":"Pr\u00f3tesis Dentales en Palma"},"content":{"rendered":"\t\t<div data-elementor-type=\"wp-page\" data-elementor-id=\"428\" class=\"elementor elementor-428\">\n\t\t\t\t\t\t<section class=\"elementor-section elementor-top-section elementor-element elementor-element-a8a318d elementor-section-boxed elementor-section-height-default elementor-section-height-default\" data-id=\"a8a318d\" data-element_type=\"section\" data-e-type=\"section\">\n\t\t\t\t\t\t<div class=\"elementor-container elementor-column-gap-default\">\n\t\t\t\t\t<div class=\"elementor-column elementor-col-100 elementor-top-column elementor-element elementor-element-5d39fca\" data-id=\"5d39fca\" data-element_type=\"column\" data-e-type=\"column\">\n\t\t\t<div class=\"elementor-widget-wrap elementor-element-populated\">\n\t\t\t\t\t\t\t<\/div>\n\t\t<\/div>\n\t\t\t\t\t<\/div>\n\t\t<\/section>\n\t\t\t\t<section class=\"elementor-section elementor-top-section elementor-element elementor-element-52515d80 elementor-section-content-middle elementor-section-boxed elementor-section-height-default elementor-section-height-default\" data-id=\"52515d80\" data-element_type=\"section\" data-e-type=\"section\" data-settings=\"{&quot;background_background&quot;:&quot;classic&quot;}\">\n\t\t\t\t\t\t<div class=\"elementor-container elementor-column-gap-no\">\n\t\t\t\t\t<div class=\"elementor-column elementor-col-50 elementor-top-column elementor-element elementor-element-702dfcbb\" data-id=\"702dfcbb\" data-element_type=\"column\" data-e-type=\"column\">\n\t\t\t<div class=\"elementor-widget-wrap elementor-element-populated\">\n\t\t\t\t\t\t<div class=\"elementor-element elementor-element-747d0588 elementor-widget elementor-widget-heading\" data-id=\"747d0588\" data-element_type=\"widget\" data-e-type=\"widget\" data-widget_type=\"heading.default\">\n\t\t\t\t<div class=\"elementor-widget-container\">\n\t\t\t\t\t<p class=\"elementor-heading-title elementor-size-default\">Would you like to schedule an appointment with us?\n<br>Call us, we will assist you immediately to book your appointment!<\/p>\t\t\t\t<\/div>\n\t\t\t\t<\/div>\n\t\t\t\t\t<\/div>\n\t\t<\/div>\n\t\t\t\t<div class=\"elementor-column elementor-col-50 elementor-top-column elementor-element elementor-element-3322a0f2\" data-id=\"3322a0f2\" data-element_type=\"column\" data-e-type=\"column\">\n\t\t\t<div class=\"elementor-widget-wrap elementor-element-populated\">\n\t\t\t\t\t\t<div class=\"elementor-element elementor-element-5e50614e elementor-align-right elementor-mobile-align-center elementor-widget__width-initial elementor-widget elementor-widget-button\" data-id=\"5e50614e\" data-element_type=\"widget\" data-e-type=\"widget\" data-widget_type=\"button.default\">\n\t\t\t\t<div class=\"elementor-widget-container\">\n\t\t\t\t\t\t\t\t\t<div class=\"elementor-button-wrapper\">\n\t\t\t\t\t<a class=\"elementor-button elementor-button-link elementor-size-sm elementor-animation-grow\" href=\"tel:679091476\">\n\t\t\t\t\t\t<span class=\"elementor-button-content-wrapper\">\n\t\t\t\t\t\t\t\t\t<span class=\"elementor-button-text\">Call Now<\/span>\n\t\t\t\t\t<\/span>\n\t\t\t\t\t<\/a>\n\t\t\t\t<\/div>\n\t\t\t\t\t\t\t\t<\/div>\n\t\t\t\t<\/div>\n\t\t\t\t\t<\/div>\n\t\t<\/div>\n\t\t\t\t\t<\/div>\n\t\t<\/section>\n\t\t\t\t<section class=\"elementor-section elementor-top-section elementor-element elementor-element-60ec29c7 elementor-section-content-middle elementor-section-boxed elementor-section-height-default elementor-section-height-default\" data-id=\"60ec29c7\" data-element_type=\"section\" data-e-type=\"section\">\n\t\t\t\t\t\t<div class=\"elementor-container elementor-column-gap-no\">\n\t\t\t\t\t<div class=\"elementor-column elementor-col-50 elementor-top-column elementor-element elementor-element-e063fab elementor-invisible\" data-id=\"e063fab\" data-element_type=\"column\" data-e-type=\"column\" data-settings=\"{&quot;animation&quot;:&quot;slideInLeft&quot;}\">\n\t\t\t<div class=\"elementor-widget-wrap elementor-element-populated\">\n\t\t\t\t\t\t<div class=\"elementor-element elementor-element-4ea81f7 elementor-widget elementor-widget-heading\" data-id=\"4ea81f7\" data-element_type=\"widget\" data-e-type=\"widget\" data-widget_type=\"heading.default\">\n\t\t\t\t<div class=\"elementor-widget-container\">\n\t\t\t\t\t<h2 class=\"elementor-heading-title elementor-size-default\">What are Dental Prosthetics?<\/h2>\t\t\t\t<\/div>\n\t\t\t\t<\/div>\n\t\t\t\t<div class=\"elementor-element elementor-element-7e02831 elementor-widget elementor-widget-text-editor\" data-id=\"7e02831\" data-element_type=\"widget\" data-e-type=\"widget\" data-widget_type=\"text-editor.default\">\n\t\t\t\t<div class=\"elementor-widget-container\">\n\t\t\t\t\t\t\t\t\t<p>A dental prosthesis, commonly called dentures, is an element intended to restore the anatomy of one or several missing teeth. These prostheses replace the partially or completely missing pieces, which have been lost due to periodontal disease, infections, or the degeneration of the bone structure that supports them. Nowadays, dental prostheses have a very natural finish and are much more comfortable for patients.<\/p>\t\t\t\t\t\t\t\t<\/div>\n\t\t\t\t<\/div>\n\t\t\t\t<div class=\"elementor-element elementor-element-ae87e60 elementor-widget elementor-widget-heading\" data-id=\"ae87e60\" data-element_type=\"widget\" data-e-type=\"widget\" data-widget_type=\"heading.default\">\n\t\t\t\t<div class=\"elementor-widget-container\">\n\t\t\t\t\t<h3 class=\"elementor-heading-title elementor-size-default\">What is Prosthodontics?<\/h3>\t\t\t\t<\/div>\n\t\t\t\t<\/div>\n\t\t\t\t<div class=\"elementor-element elementor-element-46c50e8 elementor-widget elementor-widget-text-editor\" data-id=\"46c50e8\" data-element_type=\"widget\" data-e-type=\"widget\" data-widget_type=\"text-editor.default\">\n\t\t\t\t<div class=\"elementor-widget-container\">\n\t\t\t\t\t\t\t\t\t<p>Prosthodontics, a specialized field in dentistry, is dedicated to restoring both the functionality and appearance of teeth. This is achieved through the restoration of damaged teeth and the replacement of those that are missing.<\/p><p>At our Dental Clinic in Palma de Mallorca, our prosthetic dentistry expert carries out a thorough analysis and a comprehensive treatment strategy. This involves dental procedures such as fillings, crowns, porcelain veneers, prostheses, bridges, and much more, according to the individual needs of each patient.<\/p>\t\t\t\t\t\t\t\t<\/div>\n\t\t\t\t<\/div>\n\t\t\t\t\t<\/div>\n\t\t<\/div>\n\t\t\t\t<div class=\"elementor-column elementor-col-50 elementor-top-column elementor-element elementor-element-aee62fb elementor-invisible\" data-id=\"aee62fb\" data-element_type=\"column\" data-e-type=\"column\" data-settings=\"{&quot;background_background&quot;:&quot;classic&quot;,&quot;animation&quot;:&quot;slideInRight&quot;}\">\n\t\t\t<div class=\"elementor-widget-wrap elementor-element-populated\">\n\t\t\t\t\t<div class=\"elementor-background-overlay\"><\/div>\n\t\t\t\t\t\t\t<\/div>\n\t\t<\/div>\n\t\t\t\t\t<\/div>\n\t\t<\/section>\n\t\t\t\t<section class=\"elementor-section elementor-top-section elementor-element elementor-element-46310aa9 elementor-section-content-middle elementor-section-boxed elementor-section-height-default elementor-section-height-default\" data-id=\"46310aa9\" data-element_type=\"section\" data-e-type=\"section\" data-settings=\"{&quot;background_background&quot;:&quot;classic&quot;}\">\n\t\t\t\t\t\t<div class=\"elementor-container elementor-column-gap-no\">\n\t\t\t\t\t<div class=\"elementor-column elementor-col-100 elementor-top-column elementor-element elementor-element-42edb1f8\" data-id=\"42edb1f8\" data-element_type=\"column\" data-e-type=\"column\">\n\t\t\t<div class=\"elementor-widget-wrap elementor-element-populated\">\n\t\t\t\t\t\t<div class=\"elementor-element elementor-element-f4a3261 elementor-widget__width-initial elementor-widget elementor-widget-heading\" data-id=\"f4a3261\" data-element_type=\"widget\" data-e-type=\"widget\" data-widget_type=\"heading.default\">\n\t\t\t\t<div class=\"elementor-widget-container\">\n\t\t\t\t\t<h2 class=\"elementor-heading-title elementor-size-default\">TYPES OF DENTAL PROSTHETICS IN PALMA<\/h2>\t\t\t\t<\/div>\n\t\t\t\t<\/div>\n\t\t\t\t<div class=\"elementor-element elementor-element-1e9ddee elementor-widget__width-initial elementor-widget elementor-widget-heading\" data-id=\"1e9ddee\" data-element_type=\"widget\" data-e-type=\"widget\" data-widget_type=\"heading.default\">\n\t\t\t\t<div class=\"elementor-widget-container\">\n\t\t\t\t\t<h3 class=\"elementor-heading-title elementor-size-default\">Which Dental Prosthesis is Right for You?<\/h3>\t\t\t\t<\/div>\n\t\t\t\t<\/div>\n\t\t\t\t<div class=\"elementor-element elementor-element-38a0447 elementor-widget__width-initial elementor-widget elementor-widget-text-editor\" data-id=\"38a0447\" data-element_type=\"widget\" data-e-type=\"widget\" data-widget_type=\"text-editor.default\">\n\t\t\t\t<div class=\"elementor-widget-container\">\n\t\t\t\t\t\t\t\t\t<p>A radiant smile is an invaluable asset, and dental prosthetics are an excellent way to restore the appearance and function of lost teeth. But did you know that there are several types of dental prosthetics designed specifically to suit each patient&#8217;s needs?<\/p>\t\t\t\t\t\t\t\t<\/div>\n\t\t\t\t<\/div>\n\t\t\t\t<section class=\"elementor-section elementor-inner-section elementor-element elementor-element-660c7f1d elementor-section-content-middle elementor-section-boxed elementor-section-height-default elementor-section-height-default\" data-id=\"660c7f1d\" data-element_type=\"section\" data-e-type=\"section\">\n\t\t\t\t\t\t<div class=\"elementor-container elementor-column-gap-no\">\n\t\t\t\t\t<div class=\"elementor-column elementor-col-50 elementor-inner-column elementor-element elementor-element-6f433fd2 elementor-invisible\" data-id=\"6f433fd2\" data-element_type=\"column\" data-e-type=\"column\" data-settings=\"{&quot;background_background&quot;:&quot;classic&quot;,&quot;animation&quot;:&quot;slideInLeft&quot;}\">\n\t\t\t<div class=\"elementor-widget-wrap elementor-element-populated\">\n\t\t\t\t\t\t<div class=\"elementor-element elementor-element-1c69b67 elementor-position-top elementor-widget elementor-widget-image-box\" data-id=\"1c69b67\" data-element_type=\"widget\" data-e-type=\"widget\" data-widget_type=\"image-box.default\">\n\t\t\t\t<div class=\"elementor-widget-container\">\n\t\t\t\t\t<div class=\"elementor-image-box-wrapper\"><figure class=\"elementor-image-box-img\"><img fetchpriority=\"high\" decoding=\"async\" width=\"300\" height=\"300\" src=\"https:\/\/dentalsonsardina.com\/en\/wp-content\/uploads\/2023\/09\/protesis-dentales-completas150x150.png\" class=\"elementor-animation-grow attachment-full size-full wp-image-1204\" alt=\"Pr\u00f3tesis Dentales Completas en Palma\" srcset=\"https:\/\/dentalsonsardina.com\/en\/wp-content\/uploads\/2023\/09\/protesis-dentales-completas150x150.png 300w, https:\/\/dentalsonsardina.com\/en\/wp-content\/uploads\/2023\/09\/protesis-dentales-completas150x150-150x150.png 150w\" sizes=\"(max-width: 300px) 100vw, 300px\" \/><\/figure><div class=\"elementor-image-box-content\"><h4 class=\"elementor-image-box-title\">Complete Dentures<\/h4><p class=\"elementor-image-box-description\">Complete dentures, also known as full dentures, are the ideal option when a patient has lost all their teeth in a dental arch, either in the upper or lower part. These prostheses are customized to fit perfectly in the patient's mouth, providing proper chewing function and restored dental aesthetics. They are an excellent choice for patients who have lost all their teeth due to cavities, periodontal disease, or severe injuries.<\/p><\/div><\/div>\t\t\t\t<\/div>\n\t\t\t\t<\/div>\n\t\t\t\t\t<\/div>\n\t\t<\/div>\n\t\t\t\t<div class=\"elementor-column elementor-col-50 elementor-inner-column elementor-element elementor-element-fe7b260 elementor-invisible\" data-id=\"fe7b260\" data-element_type=\"column\" data-e-type=\"column\" data-settings=\"{&quot;background_background&quot;:&quot;classic&quot;,&quot;animation&quot;:&quot;slideInRight&quot;}\">\n\t\t\t<div class=\"elementor-widget-wrap elementor-element-populated\">\n\t\t\t\t\t\t<div class=\"elementor-element elementor-element-ef4a93c elementor-position-top elementor-widget elementor-widget-image-box\" data-id=\"ef4a93c\" data-element_type=\"widget\" data-e-type=\"widget\" data-widget_type=\"image-box.default\">\n\t\t\t\t<div class=\"elementor-widget-container\">\n\t\t\t\t\t<div class=\"elementor-image-box-wrapper\"><figure class=\"elementor-image-box-img\"><img decoding=\"async\" width=\"150\" height=\"150\" data-src=\"https:\/\/dentalsonsardina.com\/en\/wp-content\/uploads\/2023\/09\/protesis-dentales-parciales.png\" class=\"elementor-animation-grow attachment-full size-full wp-image-1201 lazyload\" alt=\"Pr\u00f3tesis Dentales Parciales en Palma\" src=\"data:image\/svg+xml;base64,PHN2ZyB3aWR0aD0iMSIgaGVpZ2h0PSIxIiB4bWxucz0iaHR0cDovL3d3dy53My5vcmcvMjAwMC9zdmciPjwvc3ZnPg==\" style=\"--smush-placeholder-width: 150px; --smush-placeholder-aspect-ratio: 150\/150;\" \/><\/figure><div class=\"elementor-image-box-content\"><h4 class=\"elementor-image-box-title\">Partial Dentures<\/h4><p class=\"elementor-image-box-description\">When a patient has lost only some teeth and not all, partial dentures are the ideal choice. These prostheses are designed to fill the empty spaces left by the missing teeth, restoring chewing function and improving appearance. They are a more comfortable and aesthetic solution than complete dentures since they are attached to the surrounding natural teeth by hooks or invisible clasps.<\/p><\/div><\/div>\t\t\t\t<\/div>\n\t\t\t\t<\/div>\n\t\t\t\t\t<\/div>\n\t\t<\/div>\n\t\t\t\t\t<\/div>\n\t\t<\/section>\n\t\t\t\t<section class=\"elementor-section elementor-inner-section elementor-element elementor-element-33d7c00 elementor-section-content-middle elementor-section-boxed elementor-section-height-default elementor-section-height-default\" data-id=\"33d7c00\" data-element_type=\"section\" data-e-type=\"section\">\n\t\t\t\t\t\t<div class=\"elementor-container elementor-column-gap-no\">\n\t\t\t\t\t<div class=\"elementor-column elementor-col-50 elementor-inner-column elementor-element elementor-element-3a4e09d elementor-invisible\" data-id=\"3a4e09d\" data-element_type=\"column\" data-e-type=\"column\" data-settings=\"{&quot;background_background&quot;:&quot;classic&quot;,&quot;animation&quot;:&quot;slideInLeft&quot;}\">\n\t\t\t<div class=\"elementor-widget-wrap elementor-element-populated\">\n\t\t\t\t\t\t<div class=\"elementor-element elementor-element-2fdf544 elementor-position-top elementor-widget elementor-widget-image-box\" data-id=\"2fdf544\" data-element_type=\"widget\" data-e-type=\"widget\" data-widget_type=\"image-box.default\">\n\t\t\t\t<div class=\"elementor-widget-container\">\n\t\t\t\t\t<div class=\"elementor-image-box-wrapper\"><figure class=\"elementor-image-box-img\"><img decoding=\"async\" width=\"150\" height=\"150\" data-src=\"https:\/\/dentalsonsardina.com\/en\/wp-content\/uploads\/2023\/09\/protesis-dentales-fijas.png\" class=\"elementor-animation-grow attachment-full size-full wp-image-1200 lazyload\" alt=\"Pr\u00f3tesis Dentales Fijas en Palma\" src=\"data:image\/svg+xml;base64,PHN2ZyB3aWR0aD0iMSIgaGVpZ2h0PSIxIiB4bWxucz0iaHR0cDovL3d3dy53My5vcmcvMjAwMC9zdmciPjwvc3ZnPg==\" style=\"--smush-placeholder-width: 150px; --smush-placeholder-aspect-ratio: 150\/150;\" \/><\/figure><div class=\"elementor-image-box-content\"><h4 class=\"elementor-image-box-title\">Fixed Dental Prosthetics<\/h4><p class=\"elementor-image-box-description\">Fixed dental prosthetics are an excellent option for patients who want a permanent and aesthetically pleasing solution for missing teeth. These prostheses include dental crowns, bridges, and veneers, which securely adhere to natural teeth or dental implants. Fixed dental prosthetics are ideal for patients with damaged or missing teeth in visible areas of the mouth, as they offer exceptional aesthetic results and effectively restore chewing function.<\/p><\/div><\/div>\t\t\t\t<\/div>\n\t\t\t\t<\/div>\n\t\t\t\t\t<\/div>\n\t\t<\/div>\n\t\t\t\t<div class=\"elementor-column elementor-col-50 elementor-inner-column elementor-element elementor-element-860e5b4 elementor-invisible\" data-id=\"860e5b4\" data-element_type=\"column\" data-e-type=\"column\" data-settings=\"{&quot;background_background&quot;:&quot;classic&quot;,&quot;animation&quot;:&quot;slideInRight&quot;}\">\n\t\t\t<div class=\"elementor-widget-wrap elementor-element-populated\">\n\t\t\t\t\t\t<div class=\"elementor-element elementor-element-95590d6 elementor-position-top elementor-widget elementor-widget-image-box\" data-id=\"95590d6\" data-element_type=\"widget\" data-e-type=\"widget\" data-widget_type=\"image-box.default\">\n\t\t\t\t<div class=\"elementor-widget-container\">\n\t\t\t\t\t<div class=\"elementor-image-box-wrapper\"><figure class=\"elementor-image-box-img\"><img decoding=\"async\" width=\"150\" height=\"150\" data-src=\"https:\/\/dentalsonsardina.com\/en\/wp-content\/uploads\/2023\/09\/protesis-dentales-removibles.png\" class=\"elementor-animation-grow attachment-full size-full wp-image-1202 lazyload\" alt=\"Pr\u00f3tesis Dentales Removibles en Palma\" src=\"data:image\/svg+xml;base64,PHN2ZyB3aWR0aD0iMSIgaGVpZ2h0PSIxIiB4bWxucz0iaHR0cDovL3d3dy53My5vcmcvMjAwMC9zdmciPjwvc3ZnPg==\" style=\"--smush-placeholder-width: 150px; --smush-placeholder-aspect-ratio: 150\/150;\" \/><\/figure><div class=\"elementor-image-box-content\"><h4 class=\"elementor-image-box-title\">Removable Dental Prosthetics<\/h4><p class=\"elementor-image-box-description\">Removable dental prosthetics are a versatile option for patients who want flexibility in their dental care. These prostheses include removable partial dentures and overdentures that can be easily removed and reinserted. They are ideal for patients who prefer the convenience of being able to remove their prostheses for cleaning and daily care. They can also be an excellent option for patients who are not candidates for dental implants.<\/p><\/div><\/div>\t\t\t\t<\/div>\n\t\t\t\t<\/div>\n\t\t\t\t\t<\/div>\n\t\t<\/div>\n\t\t\t\t\t<\/div>\n\t\t<\/section>\n\t\t\t\t\t<\/div>\n\t\t<\/div>\n\t\t\t\t\t<\/div>\n\t\t<\/section>\n\t\t\t\t<section class=\"elementor-section elementor-top-section elementor-element elementor-element-28539d21 elementor-section-content-middle elementor-section-boxed elementor-section-height-default elementor-section-height-default\" data-id=\"28539d21\" data-element_type=\"section\" data-e-type=\"section\">\n\t\t\t\t\t\t<div class=\"elementor-container elementor-column-gap-no\">\n\t\t\t\t\t<div class=\"elementor-column elementor-col-50 elementor-top-column elementor-element elementor-element-4d95adf8\" data-id=\"4d95adf8\" data-element_type=\"column\" data-e-type=\"column\">\n\t\t\t<div class=\"elementor-widget-wrap elementor-element-populated\">\n\t\t\t\t\t\t<div class=\"elementor-element elementor-element-1a1ee970 elementor-widget elementor-widget-image\" data-id=\"1a1ee970\" data-element_type=\"widget\" data-e-type=\"widget\" data-widget_type=\"image.default\">\n\t\t\t\t<div class=\"elementor-widget-container\">\n\t\t\t\t\t\t\t\t\t\t\t\t\t\t\t<img decoding=\"async\" data-src=\"https:\/\/dentalsonsardina.com\/en\/wp-content\/uploads\/elementor\/thumbs\/protesis-sobre-implantes-qbz5jj59z01u37eu4lk2ti1r67ongx5v17hiwvb908.jpg\" title=\"protesis sobre implantes\" alt=\"Pr\u00f3tesis sobre implantes en Palma\" src=\"data:image\/svg+xml;base64,PHN2ZyB3aWR0aD0iMSIgaGVpZ2h0PSIxIiB4bWxucz0iaHR0cDovL3d3dy53My5vcmcvMjAwMC9zdmciPjwvc3ZnPg==\" class=\"lazyload\" style=\"--smush-placeholder-width: 600px; --smush-placeholder-aspect-ratio: 600\/700;\" \/>\t\t\t\t\t\t\t\t\t\t\t\t\t\t\t<\/div>\n\t\t\t\t<\/div>\n\t\t\t\t\t<\/div>\n\t\t<\/div>\n\t\t\t\t<div class=\"elementor-column elementor-col-50 elementor-top-column elementor-element elementor-element-1c4a03c6\" data-id=\"1c4a03c6\" data-element_type=\"column\" data-e-type=\"column\">\n\t\t\t<div class=\"elementor-widget-wrap elementor-element-populated\">\n\t\t\t\t\t\t<div class=\"elementor-element elementor-element-96b6fba elementor-widget__width-initial elementor-hidden-mobile elementor-widget elementor-widget-heading\" data-id=\"96b6fba\" data-element_type=\"widget\" data-e-type=\"widget\" data-widget_type=\"heading.default\">\n\t\t\t\t<div class=\"elementor-widget-container\">\n\t\t\t\t\t<h2 class=\"elementor-heading-title elementor-size-default\">IMPLANT-SUPPORTED PROSTHETICS IN PALMA<\/h2>\t\t\t\t<\/div>\n\t\t\t\t<\/div>\n\t\t\t\t<div class=\"elementor-element elementor-element-34e2ddd elementor-widget elementor-widget-heading\" data-id=\"34e2ddd\" data-element_type=\"widget\" data-e-type=\"widget\" data-widget_type=\"heading.default\">\n\t\t\t\t<div class=\"elementor-widget-container\">\n\t\t\t\t\t<h2 class=\"elementor-heading-title elementor-size-default\">What is a dental prosthesis supported by implants like?<\/h2>\t\t\t\t<\/div>\n\t\t\t\t<\/div>\n\t\t\t\t<div class=\"elementor-element elementor-element-34ee0f0 elementor-widget elementor-widget-text-editor\" data-id=\"34ee0f0\" data-element_type=\"widget\" data-e-type=\"widget\" data-widget_type=\"text-editor.default\">\n\t\t\t\t<div class=\"elementor-widget-container\">\n\t\t\t\t\t\t\t\t\t<p>Dental implants offer a high-quality tooth replacement solution. These implants are surgically placed in the jawbone or maxilla and serve as solid bases for dental prosthetics, such as crowns, bridges, or dentures. They are an excellent option for patients who want a permanent and functional solution for missing teeth, as they provide effective chewing and long-lasting dental aesthetics.<\/p>\t\t\t\t\t\t\t\t<\/div>\n\t\t\t\t<\/div>\n\t\t\t\t\t<\/div>\n\t\t<\/div>\n\t\t\t\t\t<\/div>\n\t\t<\/section>\n\t\t\t\t<section class=\"elementor-section elementor-top-section elementor-element elementor-element-6b043bca elementor-section-content-middle elementor-section-boxed elementor-section-height-default elementor-section-height-default\" data-id=\"6b043bca\" data-element_type=\"section\" data-e-type=\"section\" data-settings=\"{&quot;background_background&quot;:&quot;classic&quot;}\">\n\t\t\t\t\t\t<div class=\"elementor-container elementor-column-gap-no\">\n\t\t\t\t\t<div class=\"elementor-column elementor-col-100 elementor-top-column elementor-element elementor-element-1a221767\" data-id=\"1a221767\" data-element_type=\"column\" data-e-type=\"column\">\n\t\t\t<div class=\"elementor-widget-wrap elementor-element-populated\">\n\t\t\t\t\t\t<div class=\"elementor-element elementor-element-52aca51 elementor-widget__width-initial elementor-widget elementor-widget-heading\" data-id=\"52aca51\" data-element_type=\"widget\" data-e-type=\"widget\" data-widget_type=\"heading.default\">\n\t\t\t\t<div class=\"elementor-widget-container\">\n\t\t\t\t\t<div class=\"elementor-heading-title elementor-size-default\">These are the most common questions among our patients. Do you find yours here?<\/div>\t\t\t\t<\/div>\n\t\t\t\t<\/div>\n\t\t\t\t<div class=\"elementor-element elementor-element-182ee857 elementor-widget elementor-widget-toggle\" data-id=\"182ee857\" data-element_type=\"widget\" data-e-type=\"widget\" data-widget_type=\"toggle.default\">\n\t\t\t\t<div class=\"elementor-widget-container\">\n\t\t\t\t\t\t\t<div class=\"elementor-toggle\">\n\t\t\t\t\t\t\t<div class=\"elementor-toggle-item\">\n\t\t\t\t\t<h2 id=\"elementor-tab-title-4051\" class=\"elementor-tab-title\" data-tab=\"1\" role=\"button\" aria-controls=\"elementor-tab-content-4051\" aria-expanded=\"false\">\n\t\t\t\t\t\t\t\t\t\t\t\t<span class=\"elementor-toggle-icon elementor-toggle-icon-right\" aria-hidden=\"true\">\n\t\t\t\t\t\t\t\t\t\t\t\t\t\t\t<span class=\"elementor-toggle-icon-closed\"><i class=\"fas fa-caret-right\"><\/i><\/span>\n\t\t\t\t\t\t\t\t<span class=\"elementor-toggle-icon-opened\"><i class=\"elementor-toggle-icon-opened fas fa-caret-up\"><\/i><\/span>\n\t\t\t\t\t\t\t\t\t\t\t\t\t<\/span>\n\t\t\t\t\t\t\t\t\t\t\t\t<a class=\"elementor-toggle-title\" tabindex=\"0\">What are the Risk Factors for Tooth Loss?<\/a>\n\t\t\t\t\t<\/h2>\n\n\t\t\t\t\t<div id=\"elementor-tab-content-4051\" class=\"elementor-tab-content elementor-clearfix\" data-tab=\"1\" role=\"region\" aria-labelledby=\"elementor-tab-title-4051\"><p>Oral health is fundamental for maintaining a radiant and functional smile throughout our lives. However, there are various risk factors that can increase the likelihood of experiencing tooth loss. In this article, we will explore these factors and how they can affect our dental health.<\/p><ol><li><p><strong>Poor Oral Hygiene: The Beginning of the Problem<\/strong><br \/>The first risk factor we need to address is poor oral hygiene. Not brushing your teeth properly or not doing so with the recommended frequency can lead to the buildup of plaque bacteria and, eventually, the development of periodontal diseases.<\/p><\/li><li><p><strong>Periodontal Diseases: The Silent Enemy<\/strong><br \/>Periodontal diseases, such as gingivitis and periodontitis, are a significant cause of tooth loss. These conditions affect the gums and the bone that holds the teeth, weakening them over time.<\/p><\/li><li><p><strong>Tobacco and Alcohol Consumption: A Dangerous Combo<\/strong><br \/>Smoking tobacco and excessive alcohol consumption are risk factors that negatively affect oral health. These habits can reduce blood flow to the gums, weaken the teeth, and increase the risk of periodontal diseases.<\/p><\/li><li><p><strong>Poor Diet: What We Eat Matters<\/strong><br \/>A diet rich in sugars and processed foods is not only harmful to our overall health but also to our teeth. Sugars feed the bacteria that cause cavities and can erode dental enamel over time.<\/p><\/li><li><p><strong>Genetic Factors: Dental Inheritance<\/strong><br \/>Genetics also play a role in dental health. Some people may be genetically more prone to developing dental problems, such as a predisposition to periodontal disease.<\/p><\/li><li><p><strong>Trauma and Accidents: Unexpected Blows<\/strong><br \/>Trauma or accidents involving the mouth can cause serious damage to the teeth. A strong impact can result in the fracture or loss of a tooth, even if the person previously had adequate oral health.<\/p><\/li><li><p><strong>Lack of Regular Dental Care: The Importance of Check-ups<\/strong><br \/>Not visiting the dentist regularly is a risk factor in itself. Regular dental check-ups are essential for detecting problems early and receiving necessary treatment before they worsen.<\/p><\/li><li><p><strong>Advanced Age: An Inevitable Factor<\/strong><br \/>As we age, our teeth also age. Natural aging can weaken dental enamel and increase the risk of tooth loss.<\/p><\/li><li><p><strong>Bruxism: The Habit of Teeth Grinding<\/strong><br \/>Bruxism, which is the constant grinding of teeth, can wear down dental enamel and damage teeth, increasing the possibility of tooth loss.<\/p><\/li><li><p><strong>Systemic Diseases: An Unexpected Connection<\/strong><br \/>Certain systemic diseases, such as diabetes and osteoporosis, can negatively affect dental health and increase the risk of tooth loss.<\/p><\/li><\/ol><p>Have you found your case here? Contact our Clinic in Palma and we will help you.<\/p><\/div>\n\t\t\t\t<\/div>\n\t\t\t\t\t\t\t<div class=\"elementor-toggle-item\">\n\t\t\t\t\t<h2 id=\"elementor-tab-title-4052\" class=\"elementor-tab-title\" data-tab=\"2\" role=\"button\" aria-controls=\"elementor-tab-content-4052\" aria-expanded=\"false\">\n\t\t\t\t\t\t\t\t\t\t\t\t<span class=\"elementor-toggle-icon elementor-toggle-icon-right\" aria-hidden=\"true\">\n\t\t\t\t\t\t\t\t\t\t\t\t\t\t\t<span class=\"elementor-toggle-icon-closed\"><i class=\"fas fa-caret-right\"><\/i><\/span>\n\t\t\t\t\t\t\t\t<span class=\"elementor-toggle-icon-opened\"><i class=\"elementor-toggle-icon-opened fas fa-caret-up\"><\/i><\/span>\n\t\t\t\t\t\t\t\t\t\t\t\t\t<\/span>\n\t\t\t\t\t\t\t\t\t\t\t\t<a class=\"elementor-toggle-title\" tabindex=\"0\">Is Fixed Prosthesis a Good Option?<\/a>\n\t\t\t\t\t<\/h2>\n\n\t\t\t\t\t<div id=\"elementor-tab-content-4052\" class=\"elementor-tab-content elementor-clearfix\" data-tab=\"2\" role=\"region\" aria-labelledby=\"elementor-tab-title-4052\"><p>In the world of dentistry, there are various options to replace missing or damaged teeth. One of the most popular and effective alternatives is the fixed prosthesis. In this article, we will explore the reasons why the fixed prosthesis is an outstanding choice and how it can help you regain your smile with confidence and comfort.<\/p><p><strong>Durability<\/strong><br \/>The fixed prosthesis, also known as a dental bridge, is known for its exceptional durability. Unlike removable prostheses that can wear out over time, a well-maintained dental bridge can last a lifetime. This means you won&#8217;t have to worry about constantly replacing it, saving you time and money in the long run.<\/p><p><strong>Restoration of Chewing Function<\/strong><br \/>One of the most common problems with missing teeth is the difficulty in properly chewing food. The fixed prosthesis is designed to completely restore chewing function, allowing you to enjoy a varied diet without restrictions. This not only improves your quality of life but also promotes better digestion and overall health.<\/p><p><strong>Improves Aesthetics and Confidence<\/strong><br \/>Tooth loss can have a negative impact on the aesthetics of your smile, which in turn can affect your self-confidence. The fixed prosthesis fits perfectly in your mouth, restoring the natural appearance of your teeth. By regaining your smile, you will also regain your confidence and feel more socially secure.<\/p><p><strong>Simple Maintenance<\/strong><br \/>Maintaining a fixed prosthesis is surprisingly simple. You just need to care for it as you would your natural teeth, brushing it regularly and maintaining good oral hygiene. There&#8217;s no need to remove it for cleaning, which simplifies the daily routine compared to removable prostheses.<\/p><p><strong>Preserves Overall Oral Health<\/strong><br \/>Tooth loss can lead to a series of oral health problems, such as bone resorption and shifting of remaining teeth. The fixed prosthesis prevents these problems by keeping the bone structure intact and preventing the teeth from moving out of their natural position.<\/p><p><strong>This is what I need &gt;<\/strong><\/p><\/div>\n\t\t\t\t<\/div>\n\t\t\t\t\t\t\t<div class=\"elementor-toggle-item\">\n\t\t\t\t\t<h2 id=\"elementor-tab-title-4053\" class=\"elementor-tab-title\" data-tab=\"3\" role=\"button\" aria-controls=\"elementor-tab-content-4053\" aria-expanded=\"false\">\n\t\t\t\t\t\t\t\t\t\t\t\t<span class=\"elementor-toggle-icon elementor-toggle-icon-right\" aria-hidden=\"true\">\n\t\t\t\t\t\t\t\t\t\t\t\t\t\t\t<span class=\"elementor-toggle-icon-closed\"><i class=\"fas fa-caret-right\"><\/i><\/span>\n\t\t\t\t\t\t\t\t<span class=\"elementor-toggle-icon-opened\"><i class=\"elementor-toggle-icon-opened fas fa-caret-up\"><\/i><\/span>\n\t\t\t\t\t\t\t\t\t\t\t\t\t<\/span>\n\t\t\t\t\t\t\t\t\t\t\t\t<a class=\"elementor-toggle-title\" tabindex=\"0\">What is the procedure for placing a dental prosthesis on implants?<\/a>\n\t\t\t\t\t<\/h2>\n\n\t\t\t\t\t<div id=\"elementor-tab-content-4053\" class=\"elementor-tab-content elementor-clearfix\" data-tab=\"3\" role=\"region\" aria-labelledby=\"elementor-tab-title-4053\"><p>At our clinic in Palma de Mallorca, we are experts in dental prosthetics and have highly qualified specialists to carry out this process. Here we explain the steps to follow:<\/p><ol><li>First, the correct integration of the dental implant with the bone is thoroughly verified, ensuring its stability.<\/li><li>Next, a thorough analysis is carried out to precisely determine the location of the implants, ensuring a perfect fit of the prosthesis. Our specialists strive to ensure the patient&#8217;s comfort at all times.<\/li><li>Then, a detailed evaluation is conducted to establish the position, size, and arrangement of the dental pieces in the prosthesis before its fabrication.<\/li><li>Once all this data is collected and using advanced computer technology, the design of the dental prosthesis is carried out.<\/li><li>Before the final placement of the prosthesis in Palma de Mallorca, a final test is conducted to ensure that the color of the prosthesis matches perfectly with the patient&#8217;s natural teeth.<\/li><li>To conclude, a final review of the prosthesis is done, making any necessary adjustments before proceeding with its definitive placement.<\/li><\/ol><\/div>\n\t\t\t\t<\/div>\n\t\t\t\t\t\t\t<div class=\"elementor-toggle-item\">\n\t\t\t\t\t<h2 id=\"elementor-tab-title-4054\" class=\"elementor-tab-title\" data-tab=\"4\" role=\"button\" aria-controls=\"elementor-tab-content-4054\" aria-expanded=\"false\">\n\t\t\t\t\t\t\t\t\t\t\t\t<span class=\"elementor-toggle-icon elementor-toggle-icon-right\" aria-hidden=\"true\">\n\t\t\t\t\t\t\t\t\t\t\t\t\t\t\t<span class=\"elementor-toggle-icon-closed\"><i class=\"fas fa-caret-right\"><\/i><\/span>\n\t\t\t\t\t\t\t\t<span class=\"elementor-toggle-icon-opened\"><i class=\"elementor-toggle-icon-opened fas fa-caret-up\"><\/i><\/span>\n\t\t\t\t\t\t\t\t\t\t\t\t\t<\/span>\n\t\t\t\t\t\t\t\t\t\t\t\t<a class=\"elementor-toggle-title\" tabindex=\"0\">How to care for a dental prosthesis on implants?<\/a>\n\t\t\t\t\t<\/h2>\n\n\t\t\t\t\t<div id=\"elementor-tab-content-4054\" class=\"elementor-tab-content elementor-clearfix\" data-tab=\"4\" role=\"region\" aria-labelledby=\"elementor-tab-title-4054\"><p>After the placement of a dental prosthesis on an implant, it is essential to follow a series of precautions. At our Dental Clinic in Palma de Mallorca, we are experts in dental prosthetics, so we recommend paying attention to several aspects:<\/p><ol><li>Avoid any rough contact with the oral mucosa.<\/li><li>Maintain constant monitoring to prevent any space problems between the teeth.<\/li><li>Observe the stability of the crowns to prevent possible loosening or detachments.<\/li><li>Be attentive to possible fractures in the ceramic material.<\/li><li>Control the pressure exerted by the prosthesis on the gums and adjacent teeth.<\/li><\/ol><p>If you have implants and are considering the placement of a dental prosthesis in Palma de Mallorca, we invite you to visit our center to receive guidance on the proper management of this treatment.<\/p><\/div>\n\t\t\t\t<\/div>\n\t\t\t\t\t\t\t<div class=\"elementor-toggle-item\">\n\t\t\t\t\t<h2 id=\"elementor-tab-title-4055\" class=\"elementor-tab-title\" data-tab=\"5\" role=\"button\" aria-controls=\"elementor-tab-content-4055\" aria-expanded=\"false\">\n\t\t\t\t\t\t\t\t\t\t\t\t<span class=\"elementor-toggle-icon elementor-toggle-icon-right\" aria-hidden=\"true\">\n\t\t\t\t\t\t\t\t\t\t\t\t\t\t\t<span class=\"elementor-toggle-icon-closed\"><i class=\"fas fa-caret-right\"><\/i><\/span>\n\t\t\t\t\t\t\t\t<span class=\"elementor-toggle-icon-opened\"><i class=\"elementor-toggle-icon-opened fas fa-caret-up\"><\/i><\/span>\n\t\t\t\t\t\t\t\t\t\t\t\t\t<\/span>\n\t\t\t\t\t\t\t\t\t\t\t\t<a class=\"elementor-toggle-title\" tabindex=\"0\">In what situations is the use of a removable prosthesis advised?<\/a>\n\t\t\t\t\t<\/h2>\n\n\t\t\t\t\t<div id=\"elementor-tab-content-4055\" class=\"elementor-tab-content elementor-clearfix\" data-tab=\"5\" role=\"region\" aria-labelledby=\"elementor-tab-title-4055\"><p>Although the goal is the same in all types of prostheses (restoring chewing functionality and dental aesthetics), removable prostheses are preferable in older patients, as they allow for easier extraction when necessary.<\/p><p>They are commonly referred to as \u00abdentures.\u00bb These can be classified as partial prostheses when they replace one or several teeth, or total prostheses if all teeth are missing.<\/p><p>In addition to removable prostheses supported by teeth, mucous membranes, the palate, or gums, there is also the option of oral rehabilitation through removable prostheses with implants.<\/p><p>Removable prostheses with implants require fewer dental implants than fixed prostheses with implants, which also implies less stability. One advantage offered by these prostheses is their ease of cleaning, and it is recommended to remove them every night to allow proper transpiration of the periodontal tissue.<\/p><\/div>\n\t\t\t\t<\/div>\n\t\t\t\t\t\t\t\t<\/div>\n\t\t\t\t\t\t<\/div>\n\t\t\t\t<\/div>\n\t\t\t\t\t<\/div>\n\t\t<\/div>\n\t\t\t\t\t<\/div>\n\t\t<\/section>\n\t\t\t\t<section class=\"elementor-section elementor-top-section elementor-element elementor-element-f7b3a6b elementor-section-content-middle elementor-section-boxed elementor-section-height-default elementor-section-height-default\" data-id=\"f7b3a6b\" data-element_type=\"section\" data-e-type=\"section\" data-settings=\"{&quot;background_background&quot;:&quot;classic&quot;}\">\n\t\t\t\t\t\t<div class=\"elementor-container elementor-column-gap-no\">\n\t\t\t\t\t<div class=\"elementor-column elementor-col-50 elementor-top-column elementor-element elementor-element-f516d15\" data-id=\"f516d15\" data-element_type=\"column\" data-e-type=\"column\">\n\t\t\t<div class=\"elementor-widget-wrap elementor-element-populated\">\n\t\t\t\t\t\t<div class=\"elementor-element elementor-element-0148f20 elementor-widget elementor-widget-heading\" data-id=\"0148f20\" data-element_type=\"widget\" data-e-type=\"widget\" data-widget_type=\"heading.default\">\n\t\t\t\t<div class=\"elementor-widget-container\">\n\t\t\t\t\t<p class=\"elementor-heading-title elementor-size-default\">You have found your specialist in Prosthetics!\nCall us!! We will be happy to answer your questions.<\/p>\t\t\t\t<\/div>\n\t\t\t\t<\/div>\n\t\t\t\t\t<\/div>\n\t\t<\/div>\n\t\t\t\t<div class=\"elementor-column elementor-col-50 elementor-top-column elementor-element elementor-element-228b47a\" data-id=\"228b47a\" data-element_type=\"column\" data-e-type=\"column\">\n\t\t\t<div class=\"elementor-widget-wrap elementor-element-populated\">\n\t\t\t\t\t\t<div class=\"elementor-element elementor-element-3178062 elementor-align-right elementor-mobile-align-center elementor-widget__width-initial elementor-widget elementor-widget-button\" data-id=\"3178062\" data-element_type=\"widget\" data-e-type=\"widget\" data-widget_type=\"button.default\">\n\t\t\t\t<div class=\"elementor-widget-container\">\n\t\t\t\t\t\t\t\t\t<div class=\"elementor-button-wrapper\">\n\t\t\t\t\t<a class=\"elementor-button elementor-button-link elementor-size-sm elementor-animation-grow\" href=\"tel:679091476\">\n\t\t\t\t\t\t<span class=\"elementor-button-content-wrapper\">\n\t\t\t\t\t\t\t\t\t<span class=\"elementor-button-text\">Call Now<\/span>\n\t\t\t\t\t<\/span>\n\t\t\t\t\t<\/a>\n\t\t\t\t<\/div>\n\t\t\t\t\t\t\t\t<\/div>\n\t\t\t\t<\/div>\n\t\t\t\t\t<\/div>\n\t\t<\/div>\n\t\t\t\t\t<\/div>\n\t\t<\/section>\n\t\t\t\t<section class=\"elementor-section elementor-top-section elementor-element elementor-element-af4e48f elementor-section-content-middle elementor-reverse-mobile elementor-section-boxed elementor-section-height-default elementor-section-height-default\" data-id=\"af4e48f\" data-element_type=\"section\" data-e-type=\"section\">\n\t\t\t\t\t\t<div class=\"elementor-container elementor-column-gap-no\">\n\t\t\t\t\t<div class=\"elementor-column elementor-col-50 elementor-top-column elementor-element elementor-element-7e04e2a\" data-id=\"7e04e2a\" data-element_type=\"column\" data-e-type=\"column\">\n\t\t\t<div class=\"elementor-widget-wrap elementor-element-populated\">\n\t\t\t\t\t\t<div class=\"elementor-element elementor-element-90b67c8 elementor-widget elementor-widget-formidable\" data-id=\"90b67c8\" data-element_type=\"widget\" data-e-type=\"widget\" data-widget_type=\"formidable.default\">\n\t\t\t\t<div class=\"elementor-widget-container\">\n\t\t\t\t\t<link rel='stylesheet' id='formidable-css' href='https:\/\/dentalsonsardina.com\/en\/wp-content\/plugins\/formidable\/css\/formidableforms.css' media='all' \/>\n<div class=\"frm_forms  with_frm_style frm_style_estilos-formidable\" id=\"frm_form_1_container\" >\n<form enctype=\"multipart\/form-data\" method=\"post\" class=\"frm-show-form \" id=\"form_contact-form\" >\n<div class=\"frm_form_fields \">\n<fieldset>\n<legend class=\"frm_screen_reader\">Contact Us<\/legend>\r\n\r\n<div class=\"frm_fields_container\">\n<input type=\"hidden\" name=\"frm_action\" value=\"create\" \/>\n<input type=\"hidden\" name=\"form_id\" value=\"1\" \/>\n<input type=\"hidden\" name=\"frm_hide_fields_1\" id=\"frm_hide_fields_1\" value=\"\" \/>\n<input type=\"hidden\" name=\"form_key\" value=\"contact-form\" \/>\n<input type=\"hidden\" name=\"item_meta[0]\" value=\"\" \/>\n<input type=\"hidden\" id=\"frm_submit_entry_1\" name=\"frm_submit_entry_1\" value=\"6ced1caa67\" \/><input type=\"hidden\" name=\"_wp_http_referer\" value=\"\/en\/wp-json\/wp\/v2\/pages\/428\" \/><div id=\"frm_field_1_container\" class=\"frm_form_field form-field  frm_required_field frm_top_container frm_first frm_half\">\r\n    <label for=\"field_qh4icy\" id=\"field_qh4icy_label\" class=\"frm_primary_label\">Name\r\n        <span class=\"frm_required\" aria-hidden=\"true\">*<\/span>\r\n    <\/label>\r\n    <input type=\"text\" id=\"field_qh4icy\" name=\"item_meta[1]\" value=\"\"  data-reqmsg=\"Este campo no puede estar en blanco.\" aria-required=\"true\" data-invmsg=\"Name no es v\u00e1lido\" aria-invalid=\"false\"   aria-describedby=\"frm_desc_field_qh4icy\"\/>\r\n    <div class=\"frm_description\" id=\"frm_desc_field_qh4icy\">Name<\/div>\r\n    \r\n<\/div>\n<div id=\"frm_field_2_container\" class=\"frm_form_field form-field  frm_required_field frm_hidden_container frm_half\">\r\n    <label for=\"field_ocfup1\" id=\"field_ocfup1_label\" class=\"frm_primary_label\">Surname\r\n        <span class=\"frm_required\" aria-hidden=\"true\">*<\/span>\r\n    <\/label>\r\n    <input type=\"text\" id=\"field_ocfup1\" name=\"item_meta[2]\" value=\"\"  data-reqmsg=\"Este campo no puede estar en blanco.\" aria-required=\"true\" data-invmsg=\"Last no es v\u00e1lido\" aria-invalid=\"false\"   aria-describedby=\"frm_desc_field_ocfup1\"\/>\r\n    <div class=\"frm_description\" id=\"frm_desc_field_ocfup1\">Surname<\/div>\r\n    \r\n<\/div>\n<div id=\"frm_field_3_container\" class=\"frm_form_field form-field  frm_required_field frm_top_container frm6 frm_first\">\r\n    <label for=\"field_29yf4d\" id=\"field_29yf4d_label\" class=\"frm_primary_label\">Email\r\n        <span class=\"frm_required\" aria-hidden=\"true\">*<\/span>\r\n    <\/label>\r\n    <input type=\"email\" id=\"field_29yf4d\" name=\"item_meta[3]\" value=\"\"  data-reqmsg=\"Este campo no puede estar en blanco.\" aria-required=\"true\" data-invmsg=\"Please enter a valid email address\" aria-invalid=\"false\"  \/>\r\n    \r\n    \r\n<\/div>\n<div id=\"frm_field_8_container\" class=\"frm_form_field form-field  frm_required_field frm_top_container frm6\">\r\n    <label for=\"field_gx799\" id=\"field_gx799_label\" class=\"frm_primary_label\">Phone\r\n        <span class=\"frm_required\" aria-hidden=\"true\">*<\/span>\r\n    <\/label>\r\n    <input type=\"tel\" id=\"field_gx799\" name=\"item_meta[8]\" value=\"\"  data-reqmsg=\"Phone cannot be blank.\" aria-required=\"true\" data-invmsg=\"Tel\u00e9fono no es v\u00e1lido\" aria-invalid=\"false\" pattern=\"((\\+\\d{1,3}(-|.| )?\\(?\\d\\)?(-| |.)?\\d{1,5})|(\\(?\\d{2,6}\\)?))(-|.| )?(\\d{3,4})(-|.| )?(\\d{4})(( x| ext)\\d{1,5}){0,1}$\"  \/>\r\n    \r\n    \r\n<\/div>\n<div id=\"frm_field_4_container\" class=\"frm_form_field form-field  frm_required_field frm_top_container frm_full\">\r\n    <label for=\"field_e6lis6\" id=\"field_e6lis6_label\" class=\"frm_primary_label\">Subject\r\n        <span class=\"frm_required\" aria-hidden=\"true\">*<\/span>\r\n    <\/label>\r\n    <input type=\"text\" id=\"field_e6lis6\" name=\"item_meta[4]\" value=\"\"  data-reqmsg=\"Este campo no puede estar en blanco.\" aria-required=\"true\" data-invmsg=\"Subject no es v\u00e1lido\" aria-invalid=\"false\"  \/>\r\n    \r\n    \r\n<\/div>\n<div id=\"frm_field_5_container\" class=\"frm_form_field form-field  frm_required_field frm_top_container frm_full\">\r\n    <label for=\"field_9jv0r1\" id=\"field_9jv0r1_label\" class=\"frm_primary_label\">Message\r\n        <span class=\"frm_required\" aria-hidden=\"true\">*<\/span>\r\n    <\/label>\r\n    <textarea name=\"item_meta[5]\" id=\"field_9jv0r1\" rows=\"5\"  data-reqmsg=\"Este campo no puede estar en blanco.\" aria-required=\"true\" data-invmsg=\"Message no es v\u00e1lido\" aria-invalid=\"false\"  ><\/textarea>\r\n    \r\n    \r\n<\/div>\n<div id=\"frm_field_11_container\" class=\"frm_form_field form-field  frm_none_container\">\r\n    <label for=\"g-recaptcha-response\" id=\"field_zci7c_label\" class=\"frm_primary_label\">Captcha\r\n        <span class=\"frm_required\" aria-hidden=\"true\"><\/span>\r\n    <\/label>\r\n    <div  id=\"field_zci7c\" class=\"frm-g-recaptcha\" data-sitekey=\"6Le4KjEpAAAAAHVzZ7_lLt5Y3n02PO30_Xs617ga\" data-size=\"compact\" data-theme=\"light\"><\/div>\r\n    \r\n    \r\n<\/div>\n<div id=\"frm_field_9_container\" class=\"frm_form_field form-field  frm_required_field frm_top_container vertical_radio\">\r\n    <div  id=\"field_840ac_label\" class=\"frm_primary_label\">PERMISSIONS (CHECK THE CORRESPONDING BOX IN CASE OF AFFIRMATIVE):\r\n        <span class=\"frm_required\" aria-hidden=\"true\">*<\/span>\r\n    <\/div>\r\n    <div class=\"frm_opt_container\" aria-labelledby=\"field_840ac_label\" role=\"group\">\t\t<div class=\"frm_checkbox\" id=\"frm_checkbox_9-1\">\t\t\t<label  for=\"field_840ac-1\">\n\t\t\t<input type=\"checkbox\" name=\"item_meta[9][]\" id=\"field_840ac-1\" value=\"I consent to the use of my data for the purposes indicated in the privacy policy &quot;PRIVACY POLICY&quot;.\"  data-reqmsg=\"Este campo no puede estar en blanco.\" data-invmsg=\"PERMISSIONS (CHECK THE CORRESPONDING BOX IN CASE OF AFFIRMATIVE): no es v\u00e1lido\"   aria-required=\"true\"  \/> I consent to the use of my data for the purposes indicated in the privacy policy \"PRIVACY POLICY\".<\/label><\/div>\n<\/div>\r\n    \r\n    \r\n<\/div>\n<div id=\"frm_field_10_container\" class=\"frm_form_field form-field  frm_top_container vertical_radio\">\r\n    <div  id=\"field_ism8c_label\" class=\"frm_primary_label\">Regarding Advertising\r\n        <span class=\"frm_required\" aria-hidden=\"true\"><\/span>\r\n    <\/div>\r\n    <div class=\"frm_opt_container\" aria-labelledby=\"field_ism8c_label\" role=\"group\">\t\t<div class=\"frm_checkbox\" id=\"frm_checkbox_10-0\">\t\t\t<label  for=\"field_ism8c-0\">\n\t\t\t<input type=\"checkbox\" name=\"item_meta[10][]\" id=\"field_ism8c-0\" value=\"I consent to the use of my personal data to receive advertising from your entity.\"  data-invmsg=\"Regarding Advertising no es v\u00e1lido\"   \/> I consent to the use of my personal data to receive advertising from your entity.<\/label><\/div>\n<\/div>\r\n    \r\n    \r\n<\/div>\n\t<input type=\"hidden\" name=\"item_key\" value=\"\" \/>\n\t\t\t<div id=\"frm_field_12_container\">\n\t\t\t<label for=\"field_erm1m\" >\n\t\t\t\tSi eres humano, deja este campo en blanco.\t\t\t<\/label>\n\t\t\t<input  id=\"field_erm1m\" type=\"text\" class=\"frm_form_field form-field frm_verify\" name=\"item_meta[12]\" value=\"\"  \/>\n\t\t<\/div>\n\t\t<input name=\"frm_state\" type=\"hidden\" value=\"XEGTS29Ug5H4M+to+zrQTUGcua0+4Nqm3ita99UaaQU=\" \/><div class=\"frm_submit\">\r\n\r\n<button class=\"frm_button_submit\" type=\"submit\"  >Send<\/button>\r\n\r\n\r\n<\/div><\/div>\n<\/fieldset>\n<\/div>\n\n<\/form>\n<\/div>\n\t\t\t\t<\/div>\n\t\t\t\t<\/div>\n\t\t\t\t\t<\/div>\n\t\t<\/div>\n\t\t\t\t<div class=\"elementor-column elementor-col-50 elementor-top-column elementor-element elementor-element-71285f3\" data-id=\"71285f3\" data-element_type=\"column\" data-e-type=\"column\">\n\t\t\t<div class=\"elementor-widget-wrap elementor-element-populated\">\n\t\t\t\t\t\t<div class=\"elementor-element elementor-element-54a28b6 elementor-widget__width-initial elementor-widget elementor-widget-heading\" data-id=\"54a28b6\" data-element_type=\"widget\" data-e-type=\"widget\" data-widget_type=\"heading.default\">\n\t\t\t\t<div class=\"elementor-widget-container\">\n\t\t\t\t\t<h2 class=\"elementor-heading-title elementor-size-default\">Contact Us | Son Sardina Dental Clinic<\/h2>\t\t\t\t<\/div>\n\t\t\t\t<\/div>\n\t\t\t\t<div class=\"elementor-element elementor-element-411d58c elementor-widget__width-initial elementor-widget elementor-widget-heading\" data-id=\"411d58c\" data-element_type=\"widget\" data-e-type=\"widget\" data-widget_type=\"heading.default\">\n\t\t\t\t<div class=\"elementor-widget-container\">\n\t\t\t\t\t<h3 class=\"elementor-heading-title elementor-size-default\">We are interested in learning more about you. How can we be of assistance?<\/h3>\t\t\t\t<\/div>\n\t\t\t\t<\/div>\n\t\t\t\t<div class=\"elementor-element elementor-element-94012f0 elementor-widget elementor-widget-text-editor\" data-id=\"94012f0\" data-element_type=\"widget\" data-e-type=\"widget\" data-widget_type=\"text-editor.default\">\n\t\t\t\t<div class=\"elementor-widget-container\">\n\t\t\t\t\t\t\t\t\t<p>Please, share with us any questions you may have regarding your dental care. We are ready to get in touch with you as soon as possible to schedule a consultation and understand your requirements.<\/p>\t\t\t\t\t\t\t\t<\/div>\n\t\t\t\t<\/div>\n\t\t\t\t\t<\/div>\n\t\t<\/div>\n\t\t\t\t\t<\/div>\n\t\t<\/section>\n\t\t\t\t<section class=\"elementor-section elementor-top-section elementor-element elementor-element-6ba8233 elementor-section-content-middle elementor-reverse-mobile elementor-section-boxed elementor-section-height-default elementor-section-height-default\" data-id=\"6ba8233\" data-element_type=\"section\" data-e-type=\"section\">\n\t\t\t\t\t\t<div class=\"elementor-container elementor-column-gap-no\">\n\t\t\t\t\t<div class=\"elementor-column elementor-col-100 elementor-top-column elementor-element elementor-element-8a51e94\" data-id=\"8a51e94\" data-element_type=\"column\" data-e-type=\"column\">\n\t\t\t<div class=\"elementor-widget-wrap elementor-element-populated\">\n\t\t\t\t\t\t<div class=\"elementor-element elementor-element-af9da09 elementor-widget__width-initial elementor-widget elementor-widget-heading\" data-id=\"af9da09\" data-element_type=\"widget\" data-e-type=\"widget\" data-widget_type=\"heading.default\">\n\t\t\t\t<div class=\"elementor-widget-container\">\n\t\t\t\t\t<h2 class=\"elementor-heading-title elementor-size-default\">Privacy Policy Summary | Son Sardina Dental Clinic<\/h2>\t\t\t\t<\/div>\n\t\t\t\t<\/div>\n\t\t\t\t<div class=\"elementor-element elementor-element-771038a elementor-widget elementor-widget-text-editor\" data-id=\"771038a\" data-element_type=\"widget\" data-e-type=\"widget\" data-widget_type=\"text-editor.default\">\n\t\t\t\t<div class=\"elementor-widget-container\">\n\t\t\t\t\t\t\t\t\t<table><tbody><tr><td><strong>BASIC INFORMATION ON DATA PROTECTION<\/strong><\/td><\/tr><tr><td><strong>Data Controller<\/strong><\/td><td>SVETLANA FOTINA<\/td><\/tr><tr><td><strong>Controller&#8217;s Address<\/strong><\/td><td>C\/. Passatemps,123 Bj., CP 07120, Son Sardina (Balears (Illes))<\/td><\/tr><tr><td><strong>Purpose<\/strong><\/td><td>Your data will be used to attend to your requests and provide you with our services.<\/td><\/tr><tr><td><strong>Advertising<\/strong><\/td><td>We will only send you advertising with your prior authorization, which you can provide us with through the corresponding checkbox established for this purpose.<\/td><\/tr><tr><td><strong>Legitimization<\/strong><\/td><td>We will only process your data with your prior consent, which you can provide us with through the corresponding checkbox established for this purpose.<\/td><\/tr><tr><td><strong>Recipients <\/strong><\/td><td>In general, only the personnel of our entity who are duly authorized may have knowledge of the information we request from you.<\/td><\/tr><tr><td><strong>Rights<\/strong><\/td><td>ou have the right to know what information we have about you, correct it, and delete it, as explained in the additional information available on our website.<\/td><\/tr><tr><td><strong>Additional Information<\/strong><\/td><td>More information in the <strong>\u00abPRIVACY POLICY\u00bb<\/strong> section of our website.<\/td><\/tr><\/tbody><\/table>\t\t\t\t\t\t\t\t<\/div>\n\t\t\t\t<\/div>\n\t\t\t\t\t<\/div>\n\t\t<\/div>\n\t\t\t\t\t<\/div>\n\t\t<\/section>\n\t\t\t\t<section class=\"elementor-section elementor-top-section elementor-element elementor-element-fd3b79c elementor-section-content-middle elementor-reverse-mobile elementor-section-boxed elementor-section-height-default elementor-section-height-default\" data-id=\"fd3b79c\" data-element_type=\"section\" data-e-type=\"section\">\n\t\t\t\t\t\t\t<div class=\"elementor-background-overlay\"><\/div>\n\t\t\t\t\t\t\t<div class=\"elementor-container elementor-column-gap-no\">\n\t\t\t\t\t<div class=\"elementor-column elementor-col-50 elementor-top-column elementor-element elementor-element-d417eb1\" data-id=\"d417eb1\" data-element_type=\"column\" data-e-type=\"column\">\n\t\t\t<div class=\"elementor-widget-wrap elementor-element-populated\">\n\t\t\t\t\t\t<div class=\"elementor-element elementor-element-2d01cc0 elementor-widget elementor-widget-google_maps\" data-id=\"2d01cc0\" data-element_type=\"widget\" data-e-type=\"widget\" data-widget_type=\"google_maps.default\">\n\t\t\t\t<div class=\"elementor-widget-container\">\n\t\t\t\t\t\t\t<div class=\"elementor-custom-embed\">\n\t\t\t<iframe\n\t\t\t\t\tdata-src=\"https:\/\/maps.google.com\/maps?q=Cl%C3%ADnica%20Dental%20Son%20Sardina%2C%20Cam%C3%AD%20de%20Passatemps%2C%20123%2C%20Bajo%2C%2007120%20Son%20Sardina%2C%20Illes%20Balears&#038;t=m&#038;z=18&#038;output=embed&#038;iwloc=near\"\n\t\t\t\t\ttitle=\"Cl\u00ednica Dental Son Sardina, Cam\u00ed de Passatemps, 123, Bajo, 07120 Son Sardina, Illes Balears\"\n\t\t\t\t\taria-label=\"Cl\u00ednica Dental Son Sardina, Cam\u00ed de Passatemps, 123, Bajo, 07120 Son Sardina, Illes Balears\"\n\t\t\t src=\"data:image\/svg+xml;base64,PHN2ZyB3aWR0aD0iMSIgaGVpZ2h0PSIxIiB4bWxucz0iaHR0cDovL3d3dy53My5vcmcvMjAwMC9zdmciPjwvc3ZnPg==\" class=\"lazyload\" data-load-mode=\"1\"><\/iframe>\n\t\t<\/div>\n\t\t\t\t\t\t<\/div>\n\t\t\t\t<\/div>\n\t\t\t\t\t<\/div>\n\t\t<\/div>\n\t\t\t\t<div class=\"elementor-column elementor-col-50 elementor-top-column elementor-element elementor-element-b5c0569\" data-id=\"b5c0569\" data-element_type=\"column\" data-e-type=\"column\">\n\t\t\t<div class=\"elementor-widget-wrap elementor-element-populated\">\n\t\t\t\t\t\t<div class=\"elementor-element elementor-element-ad24ac6 elementor-widget__width-initial elementor-widget elementor-widget-heading\" data-id=\"ad24ac6\" data-element_type=\"widget\" data-e-type=\"widget\" data-widget_type=\"heading.default\">\n\t\t\t\t<div class=\"elementor-widget-container\">\n\t\t\t\t\t<h2 class=\"elementor-heading-title elementor-size-default\">Location | Son Sardina Dental Clinic<\/h2>\t\t\t\t<\/div>\n\t\t\t\t<\/div>\n\t\t\t\t<section class=\"elementor-section elementor-inner-section elementor-element elementor-element-380ebe4 elementor-section-boxed elementor-section-height-default elementor-section-height-default\" data-id=\"380ebe4\" data-element_type=\"section\" data-e-type=\"section\">\n\t\t\t\t\t\t<div class=\"elementor-container elementor-column-gap-default\">\n\t\t\t\t\t<div class=\"elementor-column elementor-col-100 elementor-inner-column elementor-element elementor-element-210e116\" data-id=\"210e116\" data-element_type=\"column\" data-e-type=\"column\">\n\t\t\t<div class=\"elementor-widget-wrap elementor-element-populated\">\n\t\t\t\t\t\t<div class=\"elementor-element elementor-element-777548d elementor-widget__width-initial elementor-widget elementor-widget-heading\" data-id=\"777548d\" data-element_type=\"widget\" data-e-type=\"widget\" data-widget_type=\"heading.default\">\n\t\t\t\t<div class=\"elementor-widget-container\">\n\t\t\t\t\t<h3 class=\"elementor-heading-title elementor-size-default\">How can you get in touch with us?\n\n<\/h3>\t\t\t\t<\/div>\n\t\t\t\t<\/div>\n\t\t\t\t<div class=\"elementor-element elementor-element-5b339c1 elementor-position-left elementor-vertical-align-top elementor-widget elementor-widget-image-box\" data-id=\"5b339c1\" data-element_type=\"widget\" data-e-type=\"widget\" data-widget_type=\"image-box.default\">\n\t\t\t\t<div class=\"elementor-widget-container\">\n\t\t\t\t\t<div class=\"elementor-image-box-wrapper\"><figure class=\"elementor-image-box-img\"><img decoding=\"async\" width=\"30\" height=\"40\" data-src=\"https:\/\/dentalsonsardina.com\/en\/wp-content\/uploads\/2023\/09\/localizacion.png\" class=\"elementor-animation-grow attachment-thumbnail size-thumbnail wp-image-317 lazyload\" alt=\"\" src=\"data:image\/svg+xml;base64,PHN2ZyB3aWR0aD0iMSIgaGVpZ2h0PSIxIiB4bWxucz0iaHR0cDovL3d3dy53My5vcmcvMjAwMC9zdmciPjwvc3ZnPg==\" style=\"--smush-placeholder-width: 30px; --smush-placeholder-aspect-ratio: 30\/40;\" \/><\/figure><div class=\"elementor-image-box-content\"><h4 class=\"elementor-image-box-title\">Localition<\/h4><p class=\"elementor-image-box-description\">Cam\u00ed de Passatemps, 123, Bajo, 07120 Son Sardina, Illes Balears<\/p><\/div><\/div>\t\t\t\t<\/div>\n\t\t\t\t<\/div>\n\t\t\t\t<div class=\"elementor-element elementor-element-176f087 elementor-align-right elementor-mobile-align-center elementor-widget__width-initial elementor-widget elementor-widget-button\" data-id=\"176f087\" data-element_type=\"widget\" data-e-type=\"widget\" data-widget_type=\"button.default\">\n\t\t\t\t<div class=\"elementor-widget-container\">\n\t\t\t\t\t\t\t\t\t<div class=\"elementor-button-wrapper\">\n\t\t\t\t\t<a class=\"elementor-button elementor-button-link elementor-size-sm elementor-animation-grow\" href=\"https:\/\/maps.google.com\/maps\/dir\/\/Dentistas+en+Mallorca+Dental+Clinic+Son+Sardina+-+Urgencias+365+d%C3%ADas+Cam%C3%AD+de+Passatemps,+123,+Bajo+07120+Son+Sardina+Balearic+Islands\/@39.6230085,2.6544889,18z\/data=!4m5!4m4!1m0!1m2!1m1!1s0x1297ed2b6bdbc809:0x5308779a749f0c39\">\n\t\t\t\t\t\t<span class=\"elementor-button-content-wrapper\">\n\t\t\t\t\t\t<span class=\"elementor-button-icon\">\n\t\t\t\t<i aria-hidden=\"true\" class=\"fas fa-directions\"><\/i>\t\t\t<\/span>\n\t\t\t\t\t\t\t\t\t<span class=\"elementor-button-text\">Go with Google<\/span>\n\t\t\t\t\t<\/span>\n\t\t\t\t\t<\/a>\n\t\t\t\t<\/div>\n\t\t\t\t\t\t\t\t<\/div>\n\t\t\t\t<\/div>\n\t\t\t\t\t<\/div>\n\t\t<\/div>\n\t\t\t\t\t<\/div>\n\t\t<\/section>\n\t\t\t\t<div class=\"elementor-element elementor-element-0565a69 elementor-widget-divider--view-line elementor-widget elementor-widget-divider\" data-id=\"0565a69\" data-element_type=\"widget\" data-e-type=\"widget\" data-widget_type=\"divider.default\">\n\t\t\t\t<div class=\"elementor-widget-container\">\n\t\t\t\t\t\t\t<div class=\"elementor-divider\">\n\t\t\t<span class=\"elementor-divider-separator\">\n\t\t\t\t\t\t<\/span>\n\t\t<\/div>\n\t\t\t\t\t\t<\/div>\n\t\t\t\t<\/div>\n\t\t\t\t<section class=\"elementor-section elementor-inner-section elementor-element elementor-element-a607f56 elementor-section-boxed elementor-section-height-default elementor-section-height-default\" data-id=\"a607f56\" data-element_type=\"section\" data-e-type=\"section\">\n\t\t\t\t\t\t<div class=\"elementor-container elementor-column-gap-default\">\n\t\t\t\t\t<div class=\"elementor-column elementor-col-100 elementor-inner-column elementor-element elementor-element-b71e222\" data-id=\"b71e222\" data-element_type=\"column\" data-e-type=\"column\">\n\t\t\t<div class=\"elementor-widget-wrap elementor-element-populated\">\n\t\t\t\t\t\t<div class=\"elementor-element elementor-element-9b30511 elementor-position-left elementor-vertical-align-top elementor-widget elementor-widget-image-box\" data-id=\"9b30511\" data-element_type=\"widget\" data-e-type=\"widget\" data-widget_type=\"image-box.default\">\n\t\t\t\t<div class=\"elementor-widget-container\">\n\t\t\t\t\t<div class=\"elementor-image-box-wrapper\"><figure class=\"elementor-image-box-img\"><img decoding=\"async\" width=\"59\" height=\"62\" data-src=\"https:\/\/dentalsonsardina.com\/en\/wp-content\/uploads\/2023\/09\/llamadas.png\" class=\"elementor-animation-grow attachment-thumbnail size-thumbnail wp-image-319 lazyload\" alt=\"\" src=\"data:image\/svg+xml;base64,PHN2ZyB3aWR0aD0iMSIgaGVpZ2h0PSIxIiB4bWxucz0iaHR0cDovL3d3dy53My5vcmcvMjAwMC9zdmciPjwvc3ZnPg==\" style=\"--smush-placeholder-width: 59px; --smush-placeholder-aspect-ratio: 59\/62;\" \/><\/figure><div class=\"elementor-image-box-content\"><h4 class=\"elementor-image-box-title\">Contact<\/h4><p class=\"elementor-image-box-description\"><b>Our Landline is <\/b>+34 971 43 86 73<br>\n<b>For Emergencies:<\/b> +34 679 09 14 76<br>\n<b>Via WhatsApp:<\/b> +34 679 09 14 76 or click the web button.\n<\/p><\/div><\/div>\t\t\t\t<\/div>\n\t\t\t\t<\/div>\n\t\t\t\t<div class=\"elementor-element elementor-element-4ebc82c elementor-align-right elementor-mobile-align-center elementor-widget__width-initial elementor-widget elementor-widget-button\" data-id=\"4ebc82c\" data-element_type=\"widget\" data-e-type=\"widget\" data-widget_type=\"button.default\">\n\t\t\t\t<div class=\"elementor-widget-container\">\n\t\t\t\t\t\t\t\t\t<div class=\"elementor-button-wrapper\">\n\t\t\t\t\t<a class=\"elementor-button elementor-button-link elementor-size-sm elementor-animation-grow\" href=\"https:\/\/web.whatsapp.com\/send?phone=34679091476&#038;text=Hola%20necesito%20informaci%C3%B3n%20sobre%20la%20Cl%C3%ADnica%20Son%20Sardina\">\n\t\t\t\t\t\t<span class=\"elementor-button-content-wrapper\">\n\t\t\t\t\t\t<span class=\"elementor-button-icon\">\n\t\t\t\t<i aria-hidden=\"true\" class=\"fab fa-whatsapp\"><\/i>\t\t\t<\/span>\n\t\t\t\t\t\t\t\t\t<span class=\"elementor-button-text\">Whats App<\/span>\n\t\t\t\t\t<\/span>\n\t\t\t\t\t<\/a>\n\t\t\t\t<\/div>\n\t\t\t\t\t\t\t\t<\/div>\n\t\t\t\t<\/div>\n\t\t\t\t\t<\/div>\n\t\t<\/div>\n\t\t\t\t\t<\/div>\n\t\t<\/section>\n\t\t\t\t\t<\/div>\n\t\t<\/div>\n\t\t\t\t\t<\/div>\n\t\t<\/section>\n\t\t\t\t<\/div>\n\t\t","protected":false},"excerpt":{"rendered":"<p>Would you like to schedule an appointment with us? Call us, we will assist you immediately to book your appointment! Call Now What are Dental Prosthetics? A dental prosthesis, commonly called dentures, is an element intended to restore the anatomy of one or several missing teeth. These prostheses replace the partially or completely missing pieces, [&hellip;]<\/p>\n","protected":false},"author":1,"featured_media":1175,"parent":426,"menu_order":0,"comment_status":"closed","ping_status":"closed","template":"","meta":{"site-sidebar-layout":"no-sidebar","site-content-layout":"","ast-site-content-layout":"full-width-container","site-content-style":"default","site-sidebar-style":"default","ast-global-header-display":"","ast-banner-title-visibility":"","ast-main-header-display":"","ast-hfb-above-header-display":"","ast-hfb-below-header-display":"","ast-hfb-mobile-header-display":"","site-post-title":"disabled","ast-breadcrumbs-content":"","ast-featured-img":"disabled","footer-sml-layout":"","ast-disable-related-posts":"","theme-transparent-header-meta":"","adv-header-id-meta":"","stick-header-meta":"","header-above-stick-meta":"","header-main-stick-meta":"","header-below-stick-meta":"","astra-migrate-meta-layouts":"","ast-page-background-enabled":"default","ast-page-background-meta":{"desktop":{"background-color":"var(--ast-global-color-4)","background-image":"","background-repeat":"repeat","background-position":"center center","background-size":"auto","background-attachment":"scroll","background-type":"","background-media":"","overlay-type":"","overlay-color":"","overlay-opacity":"","overlay-gradient":""},"tablet":{"background-color":"","background-image":"","background-repeat":"repeat","background-position":"center center","background-size":"auto","background-attachment":"scroll","background-type":"","background-media":"","overlay-type":"","overlay-color":"","overlay-opacity":"","overlay-gradient":""},"mobile":{"background-color":"","background-image":"","background-repeat":"repeat","background-position":"center center","background-size":"auto","background-attachment":"scroll","background-type":"","background-media":"","overlay-type":"","overlay-color":"","overlay-opacity":"","overlay-gradient":""}},"ast-content-background-meta":{"desktop":{"background-color":"var(--ast-global-color-5)","background-image":"","background-repeat":"repeat","background-position":"center center","background-size":"auto","background-attachment":"scroll","background-type":"","background-media":"","overlay-type":"","overlay-color":"","overlay-opacity":"","overlay-gradient":""},"tablet":{"background-color":"var(--ast-global-color-5)","background-image":"","background-repeat":"repeat","background-position":"center center","background-size":"auto","background-attachment":"scroll","background-type":"","background-media":"","overlay-type":"","overlay-color":"","overlay-opacity":"","overlay-gradient":""},"mobile":{"background-color":"var(--ast-global-color-5)","background-image":"","background-repeat":"repeat","background-position":"center center","background-size":"auto","background-attachment":"scroll","background-type":"","background-media":"","overlay-type":"","overlay-color":"","overlay-opacity":"","overlay-gradient":""}},"_joinchat":[],"footnotes":""},"class_list":["post-428","page","type-page","status-publish","has-post-thumbnail","hentry"],"yoast_head":"<!-- This site is optimized with the Yoast SEO plugin v27.3 - https:\/\/yoast.com\/product\/yoast-seo-wordpress\/ -->\n<title>Pr\u00f3tesis Dentales en Palma | Cl\u00ednica Dental Son Sardina<\/title>\n<meta name=\"description\" content=\"Has sufrido la p\u00e9rdida de dientes y quieres mejorar tu aspecto?. Con Nuestras Pr\u00f3tesis Dentales en Palma lo Solucionaremos. Ll\u00e1manos\" \/>\n<meta name=\"robots\" content=\"index, follow, max-snippet:-1, max-image-preview:large, max-video-preview:-1\" \/>\n<link rel=\"canonical\" href=\"https:\/\/dentalsonsardina.com\/en\/tratamientos\/protesis-dentales\/\" \/>\n<meta property=\"og:locale\" content=\"es_ES\" \/>\n<meta property=\"og:type\" content=\"article\" \/>\n<meta property=\"og:title\" content=\"Pr\u00f3tesis Dentales en Palma | Cl\u00ednica Dental Son Sardina\" \/>\n<meta property=\"og:description\" content=\"Has sufrido la p\u00e9rdida de dientes y quieres mejorar tu aspecto?. Con Nuestras Pr\u00f3tesis Dentales en Palma lo Solucionaremos. Ll\u00e1manos\" \/>\n<meta property=\"og:url\" content=\"https:\/\/dentalsonsardina.com\/en\/tratamientos\/protesis-dentales\/\" \/>\n<meta property=\"og:site_name\" content=\"Dental Clinic Son Sardina | Dentists inPalma de Mallorca\" \/>\n<meta property=\"article:modified_time\" content=\"2024-03-26T19:00:32+00:00\" \/>\n<meta property=\"og:image\" content=\"https:\/\/dentalsonsardina.com\/en\/wp-content\/uploads\/2023\/09\/protesis-dentales-en-palma-300.jpg\" \/>\n\t<meta property=\"og:image:width\" content=\"300\" \/>\n\t<meta property=\"og:image:height\" content=\"300\" \/>\n\t<meta property=\"og:image:type\" content=\"image\/jpeg\" \/>\n<meta name=\"twitter:card\" content=\"summary_large_image\" \/>\n<meta name=\"twitter:label1\" content=\"Tiempo de lectura\" \/>\n\t<meta name=\"twitter:data1\" content=\"12 minutos\" \/>\n<script type=\"application\/ld+json\" class=\"yoast-schema-graph\">{\"@context\":\"https:\\\/\\\/schema.org\",\"@graph\":[{\"@type\":\"WebPage\",\"@id\":\"https:\\\/\\\/dentalsonsardina.com\\\/en\\\/tratamientos\\\/protesis-dentales\\\/\",\"url\":\"https:\\\/\\\/dentalsonsardina.com\\\/en\\\/tratamientos\\\/protesis-dentales\\\/\",\"name\":\"Pr\u00f3tesis Dentales en Palma | Cl\u00ednica Dental Son Sardina\",\"isPartOf\":{\"@id\":\"https:\\\/\\\/dentalsonsardina.com\\\/en\\\/#website\"},\"primaryImageOfPage\":{\"@id\":\"https:\\\/\\\/dentalsonsardina.com\\\/en\\\/tratamientos\\\/protesis-dentales\\\/#primaryimage\"},\"image\":{\"@id\":\"https:\\\/\\\/dentalsonsardina.com\\\/en\\\/tratamientos\\\/protesis-dentales\\\/#primaryimage\"},\"thumbnailUrl\":\"https:\\\/\\\/dentalsonsardina.com\\\/en\\\/wp-content\\\/uploads\\\/2023\\\/09\\\/protesis-dentales-en-palma-300.jpg\",\"datePublished\":\"2023-09-03T09:31:17+00:00\",\"dateModified\":\"2024-03-26T19:00:32+00:00\",\"description\":\"Has sufrido la p\u00e9rdida de dientes y quieres mejorar tu aspecto?. Con Nuestras Pr\u00f3tesis Dentales en Palma lo Solucionaremos. Ll\u00e1manos\",\"breadcrumb\":{\"@id\":\"https:\\\/\\\/dentalsonsardina.com\\\/en\\\/tratamientos\\\/protesis-dentales\\\/#breadcrumb\"},\"inLanguage\":\"es\",\"potentialAction\":[{\"@type\":\"ReadAction\",\"target\":[\"https:\\\/\\\/dentalsonsardina.com\\\/en\\\/tratamientos\\\/protesis-dentales\\\/\"]}]},{\"@type\":\"ImageObject\",\"inLanguage\":\"es\",\"@id\":\"https:\\\/\\\/dentalsonsardina.com\\\/en\\\/tratamientos\\\/protesis-dentales\\\/#primaryimage\",\"url\":\"https:\\\/\\\/dentalsonsardina.com\\\/en\\\/wp-content\\\/uploads\\\/2023\\\/09\\\/protesis-dentales-en-palma-300.jpg\",\"contentUrl\":\"https:\\\/\\\/dentalsonsardina.com\\\/en\\\/wp-content\\\/uploads\\\/2023\\\/09\\\/protesis-dentales-en-palma-300.jpg\",\"width\":300,\"height\":300,\"caption\":\"Pr\u00f3tesis Dentales en Palma. Cl\u00ednica Dental Son Sardina\"},{\"@type\":\"BreadcrumbList\",\"@id\":\"https:\\\/\\\/dentalsonsardina.com\\\/en\\\/tratamientos\\\/protesis-dentales\\\/#breadcrumb\",\"itemListElement\":[{\"@type\":\"ListItem\",\"position\":1,\"name\":\"Portada\",\"item\":\"https:\\\/\\\/dentalsonsardina.com\\\/en\\\/\"},{\"@type\":\"ListItem\",\"position\":2,\"name\":\"Tratamientos Dentales en Palma\",\"item\":\"https:\\\/\\\/dentalsonsardina.com\\\/en\\\/tratamientos\\\/\"},{\"@type\":\"ListItem\",\"position\":3,\"name\":\"Pr\u00f3tesis Dentales en Palma\"}]},{\"@type\":\"WebSite\",\"@id\":\"https:\\\/\\\/dentalsonsardina.com\\\/en\\\/#website\",\"url\":\"https:\\\/\\\/dentalsonsardina.com\\\/en\\\/\",\"name\":\"Dental Clinic Son Sardina | Dentists in Palma de Mallorca\",\"description\":\"Dental Clinic Son Sardina, We are Dentists in Palma de Mallorca Offering Comprehensive Dental Services, Specializing in Periodontics, Cosmetic Dentistry, and Dental Emergencies.\",\"publisher\":{\"@id\":\"https:\\\/\\\/dentalsonsardina.com\\\/en\\\/#organization\"},\"potentialAction\":[{\"@type\":\"SearchAction\",\"target\":{\"@type\":\"EntryPoint\",\"urlTemplate\":\"https:\\\/\\\/dentalsonsardina.com\\\/en\\\/?s={search_term_string}\"},\"query-input\":{\"@type\":\"PropertyValueSpecification\",\"valueRequired\":true,\"valueName\":\"search_term_string\"}}],\"inLanguage\":\"es\"},{\"@type\":\"Organization\",\"@id\":\"https:\\\/\\\/dentalsonsardina.com\\\/en\\\/#organization\",\"name\":\"Cl\u00ednica Dental Son Sardina\",\"alternateName\":\"Cl\u00ednica Dental en Palma\",\"url\":\"https:\\\/\\\/dentalsonsardina.com\\\/en\\\/\",\"logo\":{\"@type\":\"ImageObject\",\"inLanguage\":\"es\",\"@id\":\"https:\\\/\\\/dentalsonsardina.com\\\/en\\\/#\\\/schema\\\/logo\\\/image\\\/\",\"url\":\"https:\\\/\\\/dentalsonsardina.com\\\/en\\\/wp-content\\\/uploads\\\/2023\\\/08\\\/cropped-logo-3.png\",\"contentUrl\":\"https:\\\/\\\/dentalsonsardina.com\\\/en\\\/wp-content\\\/uploads\\\/2023\\\/08\\\/cropped-logo-3.png\",\"width\":201,\"height\":67,\"caption\":\"Cl\u00ednica Dental Son Sardina\"},\"image\":{\"@id\":\"https:\\\/\\\/dentalsonsardina.com\\\/en\\\/#\\\/schema\\\/logo\\\/image\\\/\"}}]}<\/script>\n<!-- \/ Yoast SEO plugin. -->","yoast_head_json":{"title":"Pr\u00f3tesis Dentales en Palma | Cl\u00ednica Dental Son Sardina","description":"Has sufrido la p\u00e9rdida de dientes y quieres mejorar tu aspecto?. Con Nuestras Pr\u00f3tesis Dentales en Palma lo Solucionaremos. Ll\u00e1manos","robots":{"index":"index","follow":"follow","max-snippet":"max-snippet:-1","max-image-preview":"max-image-preview:large","max-video-preview":"max-video-preview:-1"},"canonical":"https:\/\/dentalsonsardina.com\/en\/tratamientos\/protesis-dentales\/","og_locale":"es_ES","og_type":"article","og_title":"Pr\u00f3tesis Dentales en Palma | Cl\u00ednica Dental Son Sardina","og_description":"Has sufrido la p\u00e9rdida de dientes y quieres mejorar tu aspecto?. Con Nuestras Pr\u00f3tesis Dentales en Palma lo Solucionaremos. Ll\u00e1manos","og_url":"https:\/\/dentalsonsardina.com\/en\/tratamientos\/protesis-dentales\/","og_site_name":"Dental Clinic Son Sardina | Dentists inPalma de Mallorca","article_modified_time":"2024-03-26T19:00:32+00:00","og_image":[{"width":300,"height":300,"url":"https:\/\/dentalsonsardina.com\/en\/wp-content\/uploads\/2023\/09\/protesis-dentales-en-palma-300.jpg","type":"image\/jpeg"}],"twitter_card":"summary_large_image","twitter_misc":{"Tiempo de lectura":"12 minutos"},"schema":{"@context":"https:\/\/schema.org","@graph":[{"@type":"WebPage","@id":"https:\/\/dentalsonsardina.com\/en\/tratamientos\/protesis-dentales\/","url":"https:\/\/dentalsonsardina.com\/en\/tratamientos\/protesis-dentales\/","name":"Pr\u00f3tesis Dentales en Palma | Cl\u00ednica Dental Son Sardina","isPartOf":{"@id":"https:\/\/dentalsonsardina.com\/en\/#website"},"primaryImageOfPage":{"@id":"https:\/\/dentalsonsardina.com\/en\/tratamientos\/protesis-dentales\/#primaryimage"},"image":{"@id":"https:\/\/dentalsonsardina.com\/en\/tratamientos\/protesis-dentales\/#primaryimage"},"thumbnailUrl":"https:\/\/dentalsonsardina.com\/en\/wp-content\/uploads\/2023\/09\/protesis-dentales-en-palma-300.jpg","datePublished":"2023-09-03T09:31:17+00:00","dateModified":"2024-03-26T19:00:32+00:00","description":"Has sufrido la p\u00e9rdida de dientes y quieres mejorar tu aspecto?. Con Nuestras Pr\u00f3tesis Dentales en Palma lo Solucionaremos. Ll\u00e1manos","breadcrumb":{"@id":"https:\/\/dentalsonsardina.com\/en\/tratamientos\/protesis-dentales\/#breadcrumb"},"inLanguage":"es","potentialAction":[{"@type":"ReadAction","target":["https:\/\/dentalsonsardina.com\/en\/tratamientos\/protesis-dentales\/"]}]},{"@type":"ImageObject","inLanguage":"es","@id":"https:\/\/dentalsonsardina.com\/en\/tratamientos\/protesis-dentales\/#primaryimage","url":"https:\/\/dentalsonsardina.com\/en\/wp-content\/uploads\/2023\/09\/protesis-dentales-en-palma-300.jpg","contentUrl":"https:\/\/dentalsonsardina.com\/en\/wp-content\/uploads\/2023\/09\/protesis-dentales-en-palma-300.jpg","width":300,"height":300,"caption":"Pr\u00f3tesis Dentales en Palma. Cl\u00ednica Dental Son Sardina"},{"@type":"BreadcrumbList","@id":"https:\/\/dentalsonsardina.com\/en\/tratamientos\/protesis-dentales\/#breadcrumb","itemListElement":[{"@type":"ListItem","position":1,"name":"Portada","item":"https:\/\/dentalsonsardina.com\/en\/"},{"@type":"ListItem","position":2,"name":"Tratamientos Dentales en Palma","item":"https:\/\/dentalsonsardina.com\/en\/tratamientos\/"},{"@type":"ListItem","position":3,"name":"Pr\u00f3tesis Dentales en Palma"}]},{"@type":"WebSite","@id":"https:\/\/dentalsonsardina.com\/en\/#website","url":"https:\/\/dentalsonsardina.com\/en\/","name":"Dental Clinic Son Sardina | Dentists in Palma de Mallorca","description":"Dental Clinic Son Sardina, We are Dentists in Palma de Mallorca Offering Comprehensive Dental Services, Specializing in Periodontics, Cosmetic Dentistry, and Dental Emergencies.","publisher":{"@id":"https:\/\/dentalsonsardina.com\/en\/#organization"},"potentialAction":[{"@type":"SearchAction","target":{"@type":"EntryPoint","urlTemplate":"https:\/\/dentalsonsardina.com\/en\/?s={search_term_string}"},"query-input":{"@type":"PropertyValueSpecification","valueRequired":true,"valueName":"search_term_string"}}],"inLanguage":"es"},{"@type":"Organization","@id":"https:\/\/dentalsonsardina.com\/en\/#organization","name":"Cl\u00ednica Dental Son Sardina","alternateName":"Cl\u00ednica Dental en Palma","url":"https:\/\/dentalsonsardina.com\/en\/","logo":{"@type":"ImageObject","inLanguage":"es","@id":"https:\/\/dentalsonsardina.com\/en\/#\/schema\/logo\/image\/","url":"https:\/\/dentalsonsardina.com\/en\/wp-content\/uploads\/2023\/08\/cropped-logo-3.png","contentUrl":"https:\/\/dentalsonsardina.com\/en\/wp-content\/uploads\/2023\/08\/cropped-logo-3.png","width":201,"height":67,"caption":"Cl\u00ednica Dental Son Sardina"},"image":{"@id":"https:\/\/dentalsonsardina.com\/en\/#\/schema\/logo\/image\/"}}]}},"_links":{"self":[{"href":"https:\/\/dentalsonsardina.com\/en\/wp-json\/wp\/v2\/pages\/428","targetHints":{"allow":["GET"]}}],"collection":[{"href":"https:\/\/dentalsonsardina.com\/en\/wp-json\/wp\/v2\/pages"}],"about":[{"href":"https:\/\/dentalsonsardina.com\/en\/wp-json\/wp\/v2\/types\/page"}],"author":[{"embeddable":true,"href":"https:\/\/dentalsonsardina.com\/en\/wp-json\/wp\/v2\/users\/1"}],"replies":[{"embeddable":true,"href":"https:\/\/dentalsonsardina.com\/en\/wp-json\/wp\/v2\/comments?post=428"}],"version-history":[{"count":18,"href":"https:\/\/dentalsonsardina.com\/en\/wp-json\/wp\/v2\/pages\/428\/revisions"}],"predecessor-version":[{"id":2128,"href":"https:\/\/dentalsonsardina.com\/en\/wp-json\/wp\/v2\/pages\/428\/revisions\/2128"}],"up":[{"embeddable":true,"href":"https:\/\/dentalsonsardina.com\/en\/wp-json\/wp\/v2\/pages\/426"}],"wp:featuredmedia":[{"embeddable":true,"href":"https:\/\/dentalsonsardina.com\/en\/wp-json\/wp\/v2\/media\/1175"}],"wp:attachment":[{"href":"https:\/\/dentalsonsardina.com\/en\/wp-json\/wp\/v2\/media?parent=428"}],"curies":[{"name":"wp","href":"https:\/\/api.w.org\/{rel}","templated":true}]}}